{"id":5484,"date":"2020-05-26T08:24:55","date_gmt":"2020-05-26T08:24:55","guid":{"rendered":"http:\/\/x-ploregroup.com\/travelsandexpeditions\/?post_type=product&#038;p=5484"},"modified":"2020-06-16T13:04:50","modified_gmt":"2020-06-16T13:04:50","slug":"volcanes-arequipa-chachani-coropuna","status":"publish","type":"product","link":"https:\/\/x-ploregroup.com\/travelsandexpeditions\/producto\/volcanes-arequipa-chachani-coropuna\/","title":{"rendered":"EXPEDICI\u00d3N VOLCANES DE AREQUIPA"},"content":{"rendered":"<div class=\"row row-collapse row-full-width align-middle align-center\"  id=\"row-1982330003\">\n<div class=\"col small-12 large-12\"  ><div class=\"col-inner\"  >\n\t<div class=\"img has-hover x md-x lg-x y md-y lg-y\" id=\"image_1992955199\">\n\t\t\t\t\t\t\t\t<div class=\"img-inner dark\" >\n\t\t\t<img fetchpriority=\"high\" decoding=\"async\" width=\"2560\" height=\"768\" src=\"https:\/\/x-ploregroup.com\/travelsandexpeditions\/wp-content\/uploads\/2020\/05\/BANNER-VOLCANES-AREQUIPA-scaled.jpg\" class=\"attachment-original size-original\" alt=\"\" srcset=\"https:\/\/x-ploregroup.com\/travelsandexpeditions\/wp-content\/uploads\/2020\/05\/BANNER-VOLCANES-AREQUIPA-scaled.jpg 2560w, https:\/\/x-ploregroup.com\/travelsandexpeditions\/wp-content\/uploads\/2020\/05\/BANNER-VOLCANES-AREQUIPA-scaled-332x100.jpg 332w, https:\/\/x-ploregroup.com\/travelsandexpeditions\/wp-content\/uploads\/2020\/05\/BANNER-VOLCANES-AREQUIPA-800x240.jpg 800w, https:\/\/x-ploregroup.com\/travelsandexpeditions\/wp-content\/uploads\/2020\/05\/BANNER-VOLCANES-AREQUIPA-1300x390.jpg 1300w, https:\/\/x-ploregroup.com\/travelsandexpeditions\/wp-content\/uploads\/2020\/05\/BANNER-VOLCANES-AREQUIPA-768x230.jpg 768w, https:\/\/x-ploregroup.com\/travelsandexpeditions\/wp-content\/uploads\/2020\/05\/BANNER-VOLCANES-AREQUIPA-1536x461.jpg 1536w, https:\/\/x-ploregroup.com\/travelsandexpeditions\/wp-content\/uploads\/2020\/05\/BANNER-VOLCANES-AREQUIPA-2048x614.jpg 2048w\" sizes=\"(max-width: 2560px) 100vw, 2560px\" \/>\t\t\t\t\t\t\n\t\t\t\t\t<\/div>\n\t\t\t\t\t\t\t\t\n<style scope=\"scope\">\n\n#image_1992955199 {\n  width: 100%;\n}\n<\/style>\n\t<\/div>\n\t\n<\/div><\/div>\n\n<style scope=\"scope\">\n\n<\/style>\n<\/div>\n<div class=\"row row-collapse row-full-width align-middle align-center\"  id=\"row-591394132\">\n<div class=\"col small-12 large-12\"  ><div class=\"col-inner text-center\" style=\"padding:0 0px 0px 0px;margin:0px 0px 10px 0px;\" >\n<div class=\"row\"  id=\"row-999995633\">\n<div class=\"col small-12 large-12\"  ><div class=\"col-inner\"  >\n<div class=\"is-divider divider clearfix\" style=\"margin-top:0px;margin-bottom:0px;height:0px;\"><\/div><!-- .divider -->\n<\/div><\/div>\n<\/div>\n<p><img decoding=\"async\" class=\"size-full wp-image-1430 aligncenter\" src=\"http:\/\/x-ploregroup.com\/travelsandexpeditions\/wp-content\/uploads\/2019\/12\/titulo-cat.png\" alt=\"\" width=\"110\" height=\"86\" \/><\/p>\n<div class=\"product-title-container is-large is-uppercase\"><h1 class=\"product-title entry-title\">\n\tEXPEDICI\u00d3N VOLCANES DE AREQUIPA<\/h1>\n\n<\/div>\n<\/div><\/div>\n\n<style scope=\"scope\">\n\n<\/style>\n<\/div>\n<div class=\"destino\">Per\u00fa<\/div>\n<div class=\"regiones\">Chachani (6.075 m) - Coropuna (6.425 m)<\/div>\n\t<section class=\"section\" id=\"section_1582089574\">\n\t\t<div class=\"bg section-bg fill bg-fill  bg-loaded\" >\n\n\t\t\t\n\t\t\t\n\t\t\t\n\n\t\t<\/div><!-- .section-bg -->\n\n\t\t<div class=\"section-content relative\">\n\t\t\t\n<div class=\"row row-collapse row-full-width align-center\"  id=\"row-1022527767\">\n<div class=\"col hide-for-small small-12 large-12\"  ><div class=\"col-inner\"  >\n<div class=\"gap-element\" style=\"display:block; height:auto; padding-top:40px\" class=\"clearfix\"><\/div>\n<\/div><\/div>\n<div class=\"col hide-for-small medium-1 small-12 large-1\"  ><div class=\"col-inner text-center\"  >\n<\/div><\/div>\n<div class=\"col medium-3 small-12 large-3\"  ><div class=\"col-inner text-center\" style=\"padding:0px 0px 0px 0px;margin:0 0px 0px 0px;\" >\n<div class=\"fechasalida\"><img decoding=\"async\" class=\"size-full wp-image-1432\" src=\"http:\/\/x-ploregroup.com\/travelsandexpeditions\/wp-content\/uploads\/2019\/12\/fecha.png\" alt=\"\" width=\"36\" height=\"35\" \/><span class=\"nombredestaca\">Salida: <\/span> Mayo - Septiembre<\/div>\n<\/div><\/div>\n<div class=\"col medium-2 small-12 large-2\"  ><div class=\"col-inner text-center\"  >\n<div class=\"duracion\"><img loading=\"lazy\" decoding=\"async\" class=\"size-full wp-image-1433\" src=\"http:\/\/x-ploregroup.com\/travelsandexpeditions\/wp-content\/uploads\/2019\/12\/duracion.png\" alt=\"\" width=\"36\" height=\"35\" \/><span class=\"nombredestaca\">Duraci\u00f3n: <\/span> 15 d\u00edas<\/div>\n<\/div><\/div>\n<div class=\"col medium-2 small-12 large-2\"  ><div class=\"col-inner text-center\"  >\n<div class=\"duracion\"><a href=\"\" target=\"_blank\" rel=\"noopener noreferrer\"><img loading=\"lazy\" decoding=\"async\" class=\"wp-image-1504 size-full\" src=\"http:\/\/x-ploregroup.com\/travelsandexpeditions\/wp-content\/uploads\/2019\/12\/pdf.png\" alt=\"\" width=\"35\" height=\"35\" \/><\/a><a href=\"\" target=\"_blank\" rel=\"noopener noreferrer\"><span class=\"nombredestaca\">Descargar PDF<\/span><\/a><\/div>\n<\/div><\/div>\n<div class=\"col patras medium-3 small-12 large-3\"  ><div class=\"col-inner text-left\"  >\n<div class=\"add-to-cart-container form-normal is-normal\">\n\t\n\t\n\t\t<style>\n            #wc-deposits-options-form input.input-radio:enabled ~ label { color: #f7f6f7; }\n            #wc-deposits-options-form div a.wc-deposits-switcher {\n              background-color: #317604;\n            }\n            #wc-deposits-options-form .amount { color: #85ad74; }\n            #wc-deposits-options-form .deposit-option { display: inline; }\n          <\/style><div id='wc-deposits-options-form'>\n\t\t<div class=\"deposit-options switch-toggle switch-candy switch-woocommerce-deposits\">\n\t\t<input id='pay-deposit' name='5484-deposit-radio'\n\t\t       type='radio'  checked='checked' class='input-radio' value='deposit'>\n\t\t<label id=\"pay-deposit-label\" for='pay-deposit'\n\t\t       onclick=''>Se\u00f1al<\/label>\n\t\t\t\t\t<input id='pay-full-amount' name='5484-deposit-radio'\n\t\t\t       type='radio'  class='input-radio' value='full'>\n\t\t\t<label id=\"pay-full-amount-label\" for='pay-full-amount'\n\t\t\t       onclick=''>Completo<\/label>\n\t\t\t\t<a class='wc-deposits-switcher'><\/a>\n\t<\/div>\n\t<span class='deposit-message' id='wc-deposits-notice'><\/span>\n<\/div>\n\t\t\n\t\t\n<a href=\"https:\/\/x-ploregroup.com\/xploretravelsandexpeditions\/en\/contact\/\">\n\n\t\t\t<button type=\"submit\" name=\"add-to-cart\" value=\"5484\" class=\"single_add_to_cart_button button alt\" style=\"min-height: auto;margin-top:0px;padding:14px 40px 15px\">\n\n\t\tRESERVE YOUR PLACE!\n<\/button><\/a>\n\n\t\t\t\n\n\t\n<\/div>\n<div class=\"elpre\">\n<p>DESDE<\/p>\n<div class=\"product-price-container is-normal\"><div class=\"price-wrapper\">\n\t<p class=\"price product-page-price \">\n  <span class=\"woocommerce-Price-amount amount\"><bdi>1.390<span class=\"woocommerce-Price-currencySymbol\">&euro;<\/span><\/bdi><\/span><\/p>\n<\/div>\n<\/div>\n<\/div>\n<\/div><\/div>\n<div class=\"col medium-1 small-12 large-1\"  ><div class=\"col-inner text-center\"  >\n<\/div><\/div>\n\n<style scope=\"scope\">\n\n<\/style>\n<\/div>\n<div class=\"row row-collapse row-full-width align-center\"  id=\"row-1575581480\">\n<div class=\"col medium-1 small-12 large-1\"  ><div class=\"col-inner text-center\"  >\n<\/div><\/div>\n<div class=\"col cuadrado medium-7 small-12 large-7\"  ><div class=\"col-inner text-center\" style=\"padding:20px 20px 20px 20px;\" >\n\t<div class=\"img has-hover x md-x lg-x y md-y lg-y\" id=\"image_1555878315\">\n\t\t\t\t\t\t\t\t<div class=\"img-inner dark\" >\n\t\t\t<img loading=\"lazy\" decoding=\"async\" width=\"1467\" height=\"629\" src=\"https:\/\/x-ploregroup.com\/travelsandexpeditions\/wp-content\/uploads\/2020\/05\/PERU-AREQUIPA-VOLCANES2.jpg\" class=\"attachment-original size-original\" alt=\"\" srcset=\"https:\/\/x-ploregroup.com\/travelsandexpeditions\/wp-content\/uploads\/2020\/05\/PERU-AREQUIPA-VOLCANES2.jpg 1467w, https:\/\/x-ploregroup.com\/travelsandexpeditions\/wp-content\/uploads\/2020\/05\/PERU-AREQUIPA-VOLCANES2-332x142.jpg 332w, https:\/\/x-ploregroup.com\/travelsandexpeditions\/wp-content\/uploads\/2020\/05\/PERU-AREQUIPA-VOLCANES2-800x343.jpg 800w, https:\/\/x-ploregroup.com\/travelsandexpeditions\/wp-content\/uploads\/2020\/05\/PERU-AREQUIPA-VOLCANES2-910x390.jpg 910w, https:\/\/x-ploregroup.com\/travelsandexpeditions\/wp-content\/uploads\/2020\/05\/PERU-AREQUIPA-VOLCANES2-768x329.jpg 768w\" sizes=\"(max-width: 1467px) 100vw, 1467px\" \/>\t\t\t\t\t\t\n\t\t\t\t\t<\/div>\n\t\t\t\t\t\t\t\t\n<style scope=\"scope\">\n\n#image_1555878315 {\n  width: 100%;\n}\n<\/style>\n\t<\/div>\n\t\n<div class=\"row\"  id=\"row-918762322\">\n<div class=\"col small-12 large-12\"  ><div class=\"col-inner\"  >\n<p style=\"text-align: justify;\">Los Andes en la regi\u00f3n de Arequipa se dividen en tres grandes cordilleras. La cordillera volc\u00e1nica que agrupa a lo largo de 80 km los edificios volc\u00e1nicos m\u00e1s cercanos a la ciudad de Arequipa, siendo las principales elevaciones el Chachani (6.075 m), el Misti (5.822 m), el Pichu Pichu (5.664 m) y el Ubi\u00f1as (5.672 m). La cordillera Ampato que recorre la parte central de la regi\u00f3n desde el l\u00edmite con el departamento de Ayacucho, sorteando los r\u00edos Oco\u00f1a-Cotahuasi y Majes, hasta en el inicio del Colca cerca de Chivay. Las cimas m\u00e1s destacadas son el volc\u00e1n Sara Sara, el Solimana (6.093 m), el Coropuna (6.425 m), el Hualca Hualca (6.025 m), Sabancaya (5.976 m) y el Ampato (6.318 m). Y finalmente la Cordillera del Chila que forma un alargado cordal de monta\u00f1as, situado al norte del ca\u00f1\u00f3n del Colca, que da origen a las aguas del r\u00edo Apurimac y del afluente m\u00e1s lejano del r\u00edo Amazonas. Destacan los nevados Chila (5.654 m), Casiri (5.647 m) y Mismi (5.597 m).<\/p>\n<\/div><\/div>\n<\/div>\n<\/div><\/div>\n<div class=\"col medium-3 small-12 large-3\"  ><div class=\"col-inner text-center\"  >\n<div class=\"row\"  id=\"row-1573533308\">\n<div class=\"col medium-1 small-12 large-1\"  ><div class=\"col-inner\"  >\n<\/div><\/div>\n<div class=\"col cuadrado2 medium-10 small-12 large-10\"  ><div class=\"col-inner\" style=\"padding:20px 20px 20px 20px;\" >\n<div class=\"mejorepoca\">Best season:<br \/><span class=\"mejorepoca2\">Mayo - Septiembre<\/span><\/div><div><img loading=\"lazy\" decoding=\"async\" class=\"size-full wp-image-1565\" src=\"https:\/\/x-ploregroup.com\/travelsandexpeditions\/wp-content\/uploads\/2019\/12\/separa-bajo.jpg\" alt=\"\" width=\"459\" height=\"8\" srcset=\"https:\/\/x-ploregroup.com\/travelsandexpeditions\/wp-content\/uploads\/2019\/12\/separa-bajo.jpg 459w, https:\/\/x-ploregroup.com\/travelsandexpeditions\/wp-content\/uploads\/2019\/12\/separa-bajo-332x6.jpg 332w\" sizes=\"(max-width: 459px) 100vw, 459px\" \/><\/div><div class=\"separasellos\"><img decoding=\"async\" class=\"wp-image-1436 size-full\" src=\"https:\/\/x-ploregroup.com\/travelsandexpeditions\/wp-content\/themes\/flatsome\/images\/seleccion2.png\" alt=\"\"\/> Selecci\u00f3n X-Plore &nbsp;&nbsp;<\/div>\n<div><img loading=\"lazy\" decoding=\"async\" class=\"size-full wp-image-1565\" src=\"http:\/\/x-ploregroup.com\/travelsandexpeditions\/wp-content\/uploads\/2019\/12\/separa-bajo.jpg\" alt=\"\" width=\"459\" height=\"8\" srcset=\"https:\/\/x-ploregroup.com\/travelsandexpeditions\/wp-content\/uploads\/2019\/12\/separa-bajo.jpg 459w, https:\/\/x-ploregroup.com\/travelsandexpeditions\/wp-content\/uploads\/2019\/12\/separa-bajo-332x6.jpg 332w\" sizes=\"(max-width: 459px) 100vw, 459px\" \/><\/div>\n<div class=\"tipo\">TIPO DE ACTIVIDAD:<\/div>\n<div class=\"iconostipos\"><img src='https:\/\/x-ploregroup.com\/travelsandexpeditions\/wp-content\/themes\/flatsome\/images\/ascensiones.png'><img src='https:\/\/x-ploregroup.com\/travelsandexpeditions\/wp-content\/themes\/flatsome\/images\/individual.png'><\/div>\n<div><img loading=\"lazy\" decoding=\"async\" class=\"size-full wp-image-1565\" src=\"http:\/\/x-ploregroup.com\/travelsandexpeditions\/wp-content\/uploads\/2019\/12\/separa-bajo.jpg\" alt=\"\" width=\"459\" height=\"8\" srcset=\"https:\/\/x-ploregroup.com\/travelsandexpeditions\/wp-content\/uploads\/2019\/12\/separa-bajo.jpg 459w, https:\/\/x-ploregroup.com\/travelsandexpeditions\/wp-content\/uploads\/2019\/12\/separa-bajo-332x6.jpg 332w\" sizes=\"(max-width: 459px) 100vw, 459px\" \/><\/div>\n<div class=\"nivel\">PHYSICAL: <\/div><div class=\"nivel2\"><img loading=\"lazy\" decoding=\"async\" width=\"38\" height=\"30\" class=\"size-full wp-image-1442\" src=\"https:\/\/x-ploregroup.com\/travelsandexpeditions\/wp-content\/themes\/flatsome\/images\/nivel-rojo.png\" alt=\"\" \/><img loading=\"lazy\" decoding=\"async\" width=\"38\" height=\"30\" class=\"size-full wp-image-1442\" src=\"https:\/\/x-ploregroup.com\/travelsandexpeditions\/wp-content\/themes\/flatsome\/images\/nivel-rojo.png\" alt=\"\" \/><img loading=\"lazy\" decoding=\"async\" width=\"38\" height=\"30\" class=\"size-full wp-image-1442\" src=\"https:\/\/x-ploregroup.com\/travelsandexpeditions\/wp-content\/themes\/flatsome\/images\/nivel-rojo.png\" alt=\"\" \/><img loading=\"lazy\" decoding=\"async\" width=\"38\" height=\"30\" class=\"size-full wp-image-1442\" src=\"https:\/\/x-ploregroup.com\/travelsandexpeditions\/wp-content\/themes\/flatsome\/images\/nivel-rojo.png\" alt=\"\" \/><img decoding=\"async\" class=\"size-full wp-image-1442\" src=\"https:\/\/x-ploregroup.com\/travelsandexpeditions\/wp-content\/themes\/flatsome\/images\/nivel-gris.png\" alt=\"\" \/><\/div>\n<div><img loading=\"lazy\" decoding=\"async\" class=\"size-full wp-image-1565\" src=\"http:\/\/x-ploregroup.com\/travelsandexpeditions\/wp-content\/uploads\/2019\/12\/separa-bajo.jpg\" alt=\"\" width=\"459\" height=\"8\" srcset=\"https:\/\/x-ploregroup.com\/travelsandexpeditions\/wp-content\/uploads\/2019\/12\/separa-bajo.jpg 459w, https:\/\/x-ploregroup.com\/travelsandexpeditions\/wp-content\/uploads\/2019\/12\/separa-bajo-332x6.jpg 332w\" sizes=\"(max-width: 459px) 100vw, 459px\" \/><\/div>\n<div class=\"nivel\">TECHNICAL: <\/div><div class=\"nivel2\"><img loading=\"lazy\" decoding=\"async\" width=\"38\" height=\"30\" class=\"size-full wp-image-1442\" src=\"https:\/\/x-ploregroup.com\/travelsandexpeditions\/wp-content\/themes\/flatsome\/images\/nivel-rojo.png\" alt=\"\" \/><img loading=\"lazy\" decoding=\"async\" width=\"38\" height=\"30\" class=\"size-full wp-image-1442\" src=\"https:\/\/x-ploregroup.com\/travelsandexpeditions\/wp-content\/themes\/flatsome\/images\/nivel-rojo.png\" alt=\"\" \/><img loading=\"lazy\" decoding=\"async\" width=\"38\" height=\"30\" class=\"size-full wp-image-1442\" src=\"https:\/\/x-ploregroup.com\/travelsandexpeditions\/wp-content\/themes\/flatsome\/images\/nivel-rojo.png\" alt=\"\" \/><img decoding=\"async\" class=\"size-full wp-image-1442\" src=\"https:\/\/x-ploregroup.com\/travelsandexpeditions\/wp-content\/themes\/flatsome\/images\/nivel-gris.png\" alt=\"\" \/><img decoding=\"async\" class=\"size-full wp-image-1442\" src=\"https:\/\/x-ploregroup.com\/travelsandexpeditions\/wp-content\/themes\/flatsome\/images\/nivel-gris.png\" alt=\"\" \/><\/div>\n<div><img loading=\"lazy\" decoding=\"async\" class=\"size-full wp-image-1565\" src=\"http:\/\/x-ploregroup.com\/travelsandexpeditions\/wp-content\/uploads\/2019\/12\/separa-bajo.jpg\" alt=\"\" width=\"459\" height=\"8\" srcset=\"https:\/\/x-ploregroup.com\/travelsandexpeditions\/wp-content\/uploads\/2019\/12\/separa-bajo.jpg 459w, https:\/\/x-ploregroup.com\/travelsandexpeditions\/wp-content\/uploads\/2019\/12\/separa-bajo-332x6.jpg 332w\" sizes=\"(max-width: 459px) 100vw, 459px\" \/><\/div>\n<div class=\"nivel\">WILDERNESS: <\/div><div class=\"nivel2\"><img loading=\"lazy\" decoding=\"async\" width=\"38\" height=\"30\" class=\"size-full wp-image-1442\" src=\"https:\/\/x-ploregroup.com\/travelsandexpeditions\/wp-content\/themes\/flatsome\/images\/nivel-rojo.png\" alt=\"\" \/><img loading=\"lazy\" decoding=\"async\" width=\"38\" height=\"30\" class=\"size-full wp-image-1442\" src=\"https:\/\/x-ploregroup.com\/travelsandexpeditions\/wp-content\/themes\/flatsome\/images\/nivel-rojo.png\" alt=\"\" \/><img loading=\"lazy\" decoding=\"async\" width=\"38\" height=\"30\" class=\"size-full wp-image-1442\" src=\"https:\/\/x-ploregroup.com\/travelsandexpeditions\/wp-content\/themes\/flatsome\/images\/nivel-rojo.png\" alt=\"\" \/><img decoding=\"async\" class=\"size-full wp-image-1442\" src=\"https:\/\/x-ploregroup.com\/travelsandexpeditions\/wp-content\/themes\/flatsome\/images\/nivel-gris.png\" alt=\"\" \/><img decoding=\"async\" class=\"size-full wp-image-1442\" src=\"https:\/\/x-ploregroup.com\/travelsandexpeditions\/wp-content\/themes\/flatsome\/images\/nivel-gris.png\" alt=\"\" \/><\/div>\n<\/div><\/div>\n<\/div>\n<\/div><\/div>\n<div class=\"col medium-1 small-12 large-1\"  ><div class=\"col-inner text-center\"  >\n<\/div><\/div>\n\n<style scope=\"scope\">\n\n<\/style>\n<\/div>\n\t\t<\/div><!-- .section-content -->\n\n\t\t\n<style scope=\"scope\">\n\n#section_1582089574 {\n  padding-top: 30px;\n  padding-bottom: 30px;\n  background-color: rgb(236, 237, 239);\n}\n<\/style>\n\t<\/section>\n\t\n<div class=\"row row-full-width\"  id=\"row-1446838910\">\n<div class=\"col small-12 large-12\"  ><div class=\"col-inner\"  >\n<h3>ITINERARIO DE VIAJE<\/h3>\n<\/div><\/div>\n\n<style scope=\"scope\">\n\n<\/style>\n<\/div>\n<div class=\"row row-full-width\"  id=\"row-1573864361\">\n<div class=\"col medium-1 small-12 large-1\"  ><div class=\"col-inner text-center\"  >\n<\/div><\/div>\n<div class=\"col itinerario medium-6 small-12 large-6\"  ><div class=\"col-inner\"  >\n<h5 class=\"rojoo\"><span style=\"color: #dc5050;\"><strong>D\u00cdA 1: SALIDA DEL VUELO Y LLEGADA A LIMA<\/strong><\/span><\/h5>\n<p>Salida del vuelo internacional. Llegada al aeropuerto de Lima por la tarde\/noche. Recepci\u00f3n en el aeropuerto y traslado a nuestro alojamiento en el centro de la ciudad.<\/p>\n<p>Alojamiento en hotel, Lima.<\/p>\n<h5 class=\"rojoo\"><span style=\"color: #dc5050;\"><strong>D\u00cdA 2: VUELO LIMA &#8211; AREQUIPA. VISITA A LA CIUDAD POR LIBRE<\/strong><\/span><\/h5>\n<p>Desayuno.<\/p>\n<p>Llegada a Arequipa, recepci\u00f3n en el aeropuerto y traslado al hotel. D\u00eda libre para descansar y para visitar por nuestra cuenta la denominada \u201cCiudad Blanca\u201d de Arequipa, joya colonial del sur de Per\u00fa ubicada a 2.350 metros de altura y rodeada por los imponentes volcanes Misti (5.822 m) y Chachani (6.075 m). Se entregar\u00e1 un mapa con un circuito a pie por el centro hist\u00f3rico donde podremos pasear por la Plaza de Armas, visitar la Catedral, la colorida Ciudadela\/Monasterio de Santa Catalina y el Museo de los Santuarios Andinos de Altura, donde se encuentra la momia Juanita, la ni\u00f1a inca sacrificada en la cumbre\u00a0 del Ampato, a m\u00e1s de 6.300 metros.<\/p>\n<p>Alojamiento en hotel, Arequipa.<\/p>\n<h5 class=\"rojoo\"><span style=\"color: #dc5050;\"><strong>D\u00cdA 3: AREQUIPA &#8211; CHIVAY<\/strong><\/span><\/h5>\n<p>Desayuno.<\/p>\n<p>Recogida del hotel a las 8 AM. Saldremos de\u00a0 Arequipa por la Carretera Norte\u00a0y bordeando el volc\u00e1n Chachani hasta llegar a Pampa Ca\u00f1ahuas, sector de la Reserva Nacional de Aguada Blanca y Salinas\u00a0 donde se protege la fauna silvestre como las vicu\u00f1as, guanacos, etc. Apreciaremos el nevado\u00a0 Chucura y\u00a0 las lagunillas de Toqra para luego llegar al punto m\u00e1s alto de la carretera, el Mirador de los Andes de Patapampa (4.880 metros) desde donde apreciaremos los principales volcanes de este sector: el Ampato, el Hualca-Hualca y el Sabancaya. Al mediod\u00eda llegada a Chivay (3.633 m),instalaci\u00f3n en el hotel. Por la tarde tiempo libre para aclimatar y tomar un ba\u00f1o termal en La Calera.<\/p>\n<p>Alojamiento en hotel, Chivay.<\/p>\n<h5 class=\"rojoo\"><span style=\"color: #dc5050;\"><strong>D\u00cdA 4: CA\u00d1\u00d3N DEL COLCA<\/strong><\/span><\/h5>\n<p>Desayuno.<\/p>\n<p>Desayuno temprano\u00a0 en el hotel, luego salimos al mirador de la Cruz del C\u00f3ndor para ver el vuelo espectacular de los c\u00f3ndores desde donde observaremos tambi\u00e9n la profundidad del Ca\u00f1\u00f3n del Colca permaneciendo\u00a0 en este lugar aproximadamente 1 hora 30 min. Luego nos desplazaremos hasta el pueblito de Pinchollo donde realizaremos una caminata que nos llevar\u00e1 al geyser de Pinchollo, situado a una altura de 4.300 metros a pie del volc\u00e1n HualcaHualca (6.025 m), una actividad que nos ayudar\u00e1 a poner en marcha nuestra aclimataci\u00f3n. Durante todo el camino de subida observaremos al otro lado del valle del Colca, la majestuosa y poco explorada Cordillera del Chila, con monta\u00f1as que se alzan hasta los 5.700 metros de altura. Descenso por el mismo itinerario a Pinchollo. Por la tarde, si el tiempo lo permite seguiremos visitando pueblitos como Yanque y Maca donde observaremos litomaquetas, tumbas colgantes, anfiteatros, iglesias y terrazas de cultivo que datan de la \u00e9poca incaica.<\/p>\n<p>Alojamiento en hotel, Chivay.<\/p>\n<h5 class=\"rojoo\"><span style=\"color: #dc5050;\"><strong>D\u00cdA 5: CHIVAY &#8211; AREQUIPA<\/strong><\/span><\/h5>\n<p>Desayuno.<\/p>\n<p>Jornada de regreso a Arequipa. En el camino nos detendremos en el Mirador de Patapampa (4.880 m) desde donde realizaremos una caminata de aclimataci\u00f3n por la zona para llegar a la cota 5000 m. Luego continuaci\u00f3n hacia Arequipa y llegada por la tarde. Resto de la tarde libre.<\/p>\n<p>Alojamiento en hotel, Arequipa.<\/p>\n<h5 class=\"rojoo\"><span style=\"color: #dc5050;\"><strong>D\u00cdA 6: ASCENSO AL CERRO SIMBRAL (5.300 M). MACIZO DEL PICCHU PICCHU<\/strong><\/span><\/h5>\n<p>Desayuno, comida.<\/p>\n<p>Salida de Arequipa a las 7:30 a.m., pasaremos por el colorido valle de Chiguata apreciando su andener\u00eda pre inca. Llegada al mirador de la Cruz del PichuPichu a los 4100 m.s.n.m., para proseguir en direcci\u00f3n de la Laguna Salada de las \u201cSalinas\u201d, llegada a las aguas termales de la \u201cMariposa\u201d a las 11:00 de la ma\u00f1ana aprox., donde tendremos nuestro almuerzo tipo pic-nic, a una altura de 4.250 m. Continuaremos en el auto unos 30 minutos m\u00e1s hasta llegar al punto de inicio de la caminata a la Cumbre del Simbral\u00a0 (5.300 m).\u00a0 De la cumbre tendremos una vista impresionante de la cadena de las cumbres del Picchu Picchu, con su cumbre principal o Coronado (4.665 m). Detr\u00e1s observaremos el volc\u00e1n Ubinas, con su permanente fumarola y a sus pies la extensi\u00f3n de lago Salinas. Esta cadena monta\u00f1osa, vista desde Arequipa tiene la forma de un indio dormido. Retorno por la misma ruta. Traslado a Arequipa por la tarde.<\/p>\n<p>Alojamiento en hotel, Arequipa.<\/p>\n<h5 class=\"rojoo\"><span style=\"color: #dc5050;\"><strong>D\u00cdA 7: AREQUIPA &#8211; CAMPO BASE DEL CHACHANI<\/strong><\/span><\/h5>\n<p>Desayuno, comida, cena.<\/p>\n<p>Salida de Arequipa por la ma\u00f1ana y desplazamiento en 4&#215;4 hasta la base del volc\u00e1n. El viaje dura unas 2h30 aproximadamente El veh\u00edculo nos dejar\u00e1 a unos 5000 metros y tendremos que caminar unos 300 metros de desnivel hasta el emplazamiento del campamento base, tambi\u00e9n conocido como campamento base del Inca. Instalaci\u00f3n de las tiendas y preparativos para el ataque a cima.<\/p>\n<p>Alojamiento en tiendas, Chachani.<\/p>\n<h5 class=\"rojoo\"><span style=\"color: #dc5050;\"><strong>D\u00cdA 8: ASCENSO AL CHACHANI (6.075 M). REGRESO A AREQUIPA<\/strong><\/span><\/h5>\n<p>Desayuno, comida.<\/p>\n<p>Desayuno temprano. Inicio de ascensi\u00f3n. Vista espectacular de la Cordillera Volc\u00e1nica del Sur del Per\u00fa y los poblados de Quiscos y Uyupampa. El sendero recorre la Arista Norte del Chachani con vistas impresionantes de los Nevados Ampato, Sabancaya y HualcaHualca, todos conformantes de la Cordillera del Ampato. Continuamos por el sendero hasta llegar a la \u201cantecima\u201d formada por el Cr\u00e1ter principal del Chachani sobre los 6 000 m. Llegada a la cumbre antes del medio d\u00eda despu\u00e9s de cinco a seis horas de marcha. Retorno en una hora y media al<\/p>\n<p>Campo Alto. Descenso a nuestra movilidad. Llegada Arequipa por la tarde antes de las 18h.<\/p>\n<p>Alojamiento en hotel, Arequipa.<\/p>\n<h5 class=\"rojoo\"><span style=\"color: #dc5050;\"><strong>D\u00cdA 9: AREQUIPA<\/strong><\/span><\/h5>\n<p>D\u00eda de descanso y preparativos para el ascenso al Coropuna.<\/p>\n<p>Alojamiento en hotel, Arequipa.<\/p>\n<h5 class=\"rojoo\"><span style=\"color: #dc5050;\"><strong>D\u00cdA 10: AREQUIPA &#8211; CAMPO BASE DEL COROPUNA<\/strong><\/span><\/h5>\n<p>Desayuno, comida, cena.<\/p>\n<p>Desde Arequipa se toma la carretera Panamericana en direcci\u00f3n O durante unas 3 horas hasta llegar al Valle de Majes, punto m\u00e1s bajo del circuito en coche. Desde aqu\u00ed se toma la carretera que penetra en el valle en direcci\u00f3n a la localidad de Aplao, pasando unos kil\u00f3metros antes junto al complejo arqueol\u00f3gico de Toro Muerto. Pocos kil\u00f3metros pasado Aplao se deja a mano izquierda la carretera que se dirige hacia Andamayo y Andagua (Valle de los volcanes) para seguir por la ruta hacia Chuquibamba. Pasados los pueblo de Chumuca y Pariaviri, y tr\u00e1s 10horas de trayecto, se llega a la Laguna Pallarcocha (4.700 m). Por pistas de tierra ascenderemos con el 4&#215;4 hasta la ubicaci\u00f3n del campo base, a una altura de 4.950 m.<\/p>\n<p>Alojamiento en tiendas, Campo base.<\/p>\n<h5 class=\"rojoo\"><span style=\"color: #dc5050;\"><strong>D\u00cdA 11: CAMPO BASE DEL COROPUNA &#8211; CAMPO ALTO DEL COROPUNA<\/strong><\/span><\/h5>\n<p>Desayuno, comida, cena.<\/p>\n<p>Desde el campo base hay que recorrer una larga vaguada en direcci\u00f3n al pie de la monta\u00f1a, hasta llegar a la altura del plat\u00f3 inferior del glaciar. Por delante se observan los seracs que cuelgan de una parted rocosa por debajo del collado que separa la cumbre principal de la cumbre norte. Un poco m\u00e1s arriba en unas plataformas entre las rocas se instala el Campo 1 (5.500 m \u2013 3-4 h). Desde el campamento se puede visualizar toda la ruta de ascenso hasta la cumbre.<\/p>\n<p>Alojamiento en tiendas, Coropuna.<\/p>\n<h5 class=\"rojoo\"><span style=\"color: #dc5050;\"><strong>D\u00cdA 12: ASCENSO AL COROPUNA SUR (6.425 M)<\/strong><\/span><\/h5>\n<p>Desayuno, comida, cena.<\/p>\n<p>Desde el campo 1 superar unas primeras pendientes que llevan a una arista rocosa que sobresale de la parte inferior del glaciar. Seguir por ella hasta su final (sobre los 5.900 m). Desde este punto se accede a la parte superior del glaciar, superando unos 400 metros de desnivel por rampas con frecuentes penitentes que entorpecen la progresi\u00f3n. Sobre los 6.300 m se llega al ampl\u00edsimo plat\u00f3 somital que lleva hasta la cumbre del Coropuna (6.425 m \u2013 6 \u00f3 7h horas desde el C1). Bonita panor\u00e1mica desde la cumbre, destacando las cumbres\u00a0 del Solimana y\u00a0 del Ampato. La vista alcanza en d\u00edas claros hasta los volcanes m\u00e1s cercanos a Arequipa, como el Chachani. El descenso se realiza por el mismo itinerario de subida, llegando al C1 en 2 \u00f3 2,30 horas y al campo base avanzado en 2 horas m\u00e1s.<\/p>\n<p>Alojamiento en tiendas, Coropuna.<\/p>\n<h5 class=\"rojoo\"><span style=\"color: #dc5050;\"><strong>D\u00cdA 13: REGRESO A AREQUIPA<\/strong><\/span><\/h5>\n<p>Desayuno.<\/p>\n<p>Por la ma\u00f1ana desmontaremos el campamento e iniciaremos el retorno en auto a la ciudad de Arequipa. Viaje largo de unas 10 h. Llegada por la tarde y traslado a nuestro hotel.<\/p>\n<p>Alojamiento en hotel, Arequipa.<\/p>\n<h5 class=\"rojoo\"><span style=\"color: #dc5050;\"><strong>D\u00cdA 14: VUELO AREQUIPA &#8211; LIMA<\/strong><\/span><\/h5>\n<p>Traslado al aeropuerto de Arequipa para tomar el vuelo de regreso a Lima y la conexi\u00f3n con el vuelo internacional.<\/p>\n<h5 class=\"rojoo\"><span style=\"color: #dc5050;\"><strong>D\u00cdA 15: LLEGADA A DESTINO<\/strong><\/span><\/h5>\n<\/div><\/div>\n<div class=\"col medium-4 small-12 large-4\"  ><div class=\"col-inner\"  >\n<div class=\"row\"  id=\"row-237606350\">\n<div class=\"col small-12 large-12\"  ><div class=\"col-inner\"  >\n<h5 class=\"rojoo\"><span style=\"color: #dc5050;\"><strong>INCLUYE<\/strong><\/span><\/h5>\n<ul>\n<li>9 noches de alojamiento en hoteles en Lima y Arequipa en base a habitaci\u00f3n doble con ba\u00f1o privado.<\/li>\n<li>3 noches en tienda de campa\u00f1a (incluye tiendas bipersonales y esterillas)<\/li>\n<li>R\u00e9gimen alimenticio seg\u00fan programa.<\/li>\n<li>Cocinero<\/li>\n<li>Porteador para el Chachani y Coropuna<\/li>\n<li>Todos los traslados Aeropuerto hasta los hoteles en todas las ciudades (ida\/vuelta).<\/li>\n<li>Gu\u00eda de trekking \/ monta\u00f1a<\/li>\n<li>Pr\u00e9stamo crampones y piolet<\/li>\n<li>Transporte terrestre<\/li>\n<\/ul>\n<h5 class=\"rojoo\"><span style=\"color: #dc5050;\"><strong>NO INCLUYE<\/strong><\/span><\/h5>\n<ul>\n<li>Vuelo internacional<\/li>\n<li>Vuelos dom\u00e9sticos<\/li>\n<li>Entradas<\/li>\n<li>Seguro de viajes y de anulaci\u00f3n<\/li>\n<li>Todo lo no especificado en el apartado incluye<\/li>\n<\/ul>\n<\/div><\/div>\n<\/div>\n<div class=\"row\"  id=\"row-405729024\">\n<div class=\"col medium-3 small-12 large-3\"  ><div class=\"col-inner\"  >\n<div><img loading=\"lazy\" decoding=\"async\" id=\"sin\" class=\"size-full wp-image-1249 alignright\" src=\"http:\/\/x-ploregroup.com\/travelsandexpeditions\/wp-content\/uploads\/2019\/10\/avion.png\" alt=\"\" width=\"84\" height=\"83\" \/><\/div>\n<\/div><\/div>\n<div class=\"col medium-9 small-12 large-9\"  ><div class=\"col-inner\"  >\n<h5 class=\"pongorojo\">\u00bfNECESITAS UN VUELO?<\/h5>\n<div class=\"escribe2\">\u00a1Ll\u00e1manos para reservar los vuelos! Encontraremos la mejor opci\u00f3n para ti<\/div>\n<\/div><\/div>\n\n<style scope=\"scope\">\n\n#row-405729024 > .col > .col-inner {\n  padding: 15px 0px 0px 0px;\n}\n<\/style>\n<\/div>\n<div class=\"row\"  id=\"row-901735111\">\n<div class=\"col medium-3 small-12 large-3\"  ><div class=\"col-inner\"  >\n<div><img loading=\"lazy\" decoding=\"async\" id=\"sin\" class=\"wp-image-1250 size-full alignright\" src=\"http:\/\/x-ploregroup.com\/travelsandexpeditions\/wp-content\/uploads\/2019\/10\/whatsapp.png\" alt=\"\" width=\"84\" height=\"83\" \/><\/div>\n<\/div><\/div>\n<div class=\"col medium-9 small-12 large-9\"  ><div class=\"col-inner\"  >\n<h5 class=\"pongorojo\">TEL\u00c9FONO \/ WHATSAPP<\/h5>\n<div class=\"escribe2\"><a href=\"tel:+34 936 350 004\">+34 936 350 004<\/a> \/ <a href=\"http:\/\/api.whatsapp.com\/send?phone=+34606539592&amp;text=Quiero informaci\u00f3n sobre un viaje\">+34 606 539 592<\/a><\/div>\n<\/div><\/div>\n<\/div>\n<div class=\"row\"  id=\"row-1869876984\">\n<div class=\"col medium-3 small-12 large-3\"  ><div class=\"col-inner\"  >\n<div><img loading=\"lazy\" decoding=\"async\" id=\"sin\" class=\"wp-image-1275 size-full alignright\" src=\"http:\/\/x-ploregroup.com\/travelsandexpeditions\/wp-content\/uploads\/2019\/11\/email.png\" alt=\"\" width=\"84\" height=\"83\" \/><\/div>\n<\/div><\/div>\n<div class=\"col medium-9 small-12 large-9\"  ><div class=\"col-inner\"  >\n<h5 class=\"pongorojo\">ENV\u00cdANOS UN CORREO A:<\/h5>\n<div class=\"escribe2\"><a href=\"mailto:info@x-ploregroup.com\">info@x-ploregroup.com<\/a><\/div>\n<\/div><\/div>\n<\/div>\n<div class=\"row\"  id=\"row-453985542\">\n<div class=\"col medium-1 small-12 large-1\"  ><div class=\"col-inner\"  >\n<\/div><\/div>\n<div class=\"col medium-11 small-12 large-11\"  ><div class=\"col-inner\"  >\n<h5 class=\"pongorojo\">S\u00cdGUENOS:<\/h5>\n<div class=\"escribe2\">NO TE PIERDAS NADA SOBRE NUESTROS VIAJES<\/div>\n<p><img loading=\"lazy\" decoding=\"async\" class=\"alignnone size-full wp-image-1424\" src=\"http:\/\/x-ploregroup.com\/travelsandexpeditions\/wp-content\/uploads\/2019\/11\/youtube-1.png\" alt=\"\" width=\"45\" height=\"41\" \/> <img loading=\"lazy\" decoding=\"async\" class=\"alignnone size-full wp-image-1423\" src=\"http:\/\/x-ploregroup.com\/travelsandexpeditions\/wp-content\/uploads\/2019\/11\/twitter-1.png\" alt=\"\" width=\"45\" height=\"41\" \/> <img loading=\"lazy\" decoding=\"async\" class=\"alignnone size-full wp-image-1422\" src=\"http:\/\/x-ploregroup.com\/travelsandexpeditions\/wp-content\/uploads\/2019\/11\/pinterest-1.png\" alt=\"\" width=\"45\" height=\"41\" \/> <img loading=\"lazy\" decoding=\"async\" class=\"alignnone size-full wp-image-1421\" src=\"http:\/\/x-ploregroup.com\/travelsandexpeditions\/wp-content\/uploads\/2019\/11\/instagram-1.png\" alt=\"\" width=\"45\" height=\"41\" \/> <img loading=\"lazy\" decoding=\"async\" class=\"alignnone size-full wp-image-1420\" src=\"http:\/\/x-ploregroup.com\/travelsandexpeditions\/wp-content\/uploads\/2019\/11\/facebook-1.png\" alt=\"\" width=\"45\" height=\"41\" \/><\/p>\n<\/div><\/div>\n\n<style scope=\"scope\">\n\n#row-453985542 > .col > .col-inner {\n  padding: 20px 0px 0px 0px;\n}\n<\/style>\n<\/div>\n<div class=\"pongorojo2\" style=\"text-align: center;\">\u00bfQuieres m\u00e1s informaci\u00f3n?<\/div>\n<div class=\"escribe2 masfuente\" style=\"text-align: center;\">ESCR\u00cdBENOS PARA ENVIARTE EL PROGRAMA EN DETALLE<\/div>\n<div class=\"gap-element\" style=\"display:block; height:auto; padding-top:16px\" class=\"clearfix\"><\/div>\n\n<div class=\"wpcf7 no-js\" id=\"wpcf7-f8-o1\" lang=\"es-VE\" dir=\"ltr\" data-wpcf7-id=\"8\">\n<div class=\"screen-reader-response\"><p role=\"status\" aria-live=\"polite\" aria-atomic=\"true\"><\/p> <ul><\/ul><\/div>\n<form action=\"\/travelsandexpeditions\/wp-json\/wp\/v2\/product\/5484#wpcf7-f8-o1\" method=\"post\" class=\"wpcf7-form init\" aria-label=\"Formulario de contacto\" novalidate=\"novalidate\" data-status=\"init\">\n<div style=\"display: none;\">\n<input type=\"hidden\" name=\"_wpcf7\" value=\"8\" \/>\n<input type=\"hidden\" name=\"_wpcf7_version\" value=\"6.0.6\" \/>\n<input type=\"hidden\" name=\"_wpcf7_locale\" value=\"es_VE\" \/>\n<input type=\"hidden\" name=\"_wpcf7_unit_tag\" value=\"wpcf7-f8-o1\" \/>\n<input type=\"hidden\" name=\"_wpcf7_container_post\" value=\"0\" \/>\n<input type=\"hidden\" name=\"_wpcf7_posted_data_hash\" value=\"\" \/>\n<input type=\"hidden\" name=\"_wpcf7_recaptcha_response\" value=\"\" \/>\n<\/div>\n<div class=\"formulariocontacto\">\n\t<p><label><span class=\"wpcf7-form-control-wrap\" data-name=\"your-name\"><input size=\"40\" maxlength=\"400\" class=\"wpcf7-form-control wpcf7-text wpcf7-validates-as-required\" aria-required=\"true\" aria-invalid=\"false\" placeholder=\"Nombre\" value=\"\" type=\"text\" name=\"your-name\" \/><\/span><\/label>\n\t<\/p>\n\t<p><label><span class=\"wpcf7-form-control-wrap\" data-name=\"your-email\"><input size=\"40\" maxlength=\"400\" class=\"wpcf7-form-control wpcf7-email wpcf7-validates-as-required wpcf7-text wpcf7-validates-as-email\" aria-required=\"true\" aria-invalid=\"false\" placeholder=\"E-mail\" value=\"\" type=\"email\" name=\"your-email\" \/><\/span><\/label>\n\t<\/p>\n\t<p><label><span class=\"wpcf7-form-control-wrap\" data-name=\"tel-553\"><input size=\"40\" maxlength=\"400\" class=\"wpcf7-form-control wpcf7-tel wpcf7-text wpcf7-validates-as-tel\" aria-invalid=\"false\" placeholder=\"Tel\u00e9fono\" value=\"\" type=\"tel\" name=\"tel-553\" \/><\/span><\/label>\n\t<\/p>\n\t<p><label><span class=\"wpcf7-form-control-wrap\" data-name=\"your-subject\"><input size=\"40\" maxlength=\"400\" class=\"wpcf7-form-control wpcf7-text\" aria-invalid=\"false\" placeholder=\"Asunto\" value=\"\" type=\"text\" name=\"your-subject\" \/><\/span><\/label>\n\t<\/p>\n\t<p><label><span class=\"wpcf7-form-control-wrap\" data-name=\"your-message\"><textarea cols=\"40\" rows=\"10\" maxlength=\"2000\" class=\"wpcf7-form-control wpcf7-textarea\" aria-invalid=\"false\" placeholder=\"Mensaje\" name=\"your-message\"><\/textarea><\/span><\/label>\n\t<\/p>\n\t<div class=\"botonpe\">\n\t\t<p><input class=\"wpcf7-form-control wpcf7-submit has-spinner\" type=\"submit\" value=\"Enviar ahora\" \/>\n\t\t<\/p>\n\t<\/div>\n<\/div><p style=\"display: none !important;\" class=\"akismet-fields-container\" data-prefix=\"_wpcf7_ak_\"><label>&#916;<textarea name=\"_wpcf7_ak_hp_textarea\" cols=\"45\" rows=\"8\" maxlength=\"100\"><\/textarea><\/label><input type=\"hidden\" id=\"ak_js_1\" name=\"_wpcf7_ak_js\" value=\"239\"\/><script>document.getElementById( \"ak_js_1\" ).setAttribute( \"value\", ( new Date() ).getTime() );<\/script><\/p><div class=\"wpcf7-response-output\" aria-hidden=\"true\"><\/div>\n<\/form>\n<\/div>\n\n<\/div><\/div>\n<div class=\"col medium-1 small-12 large-1\"  ><div class=\"col-inner text-center\"  >\n<\/div><\/div>\n\n<style scope=\"scope\">\n\n#row-1573864361 > .col > .col-inner {\n  padding: 20px 20px 20px 20px;\n}\n<\/style>\n<\/div>\n<div class=\"row row-collapse row-full-width\"  id=\"row-1759043587\">\n<div class=\"col medium-1 small-12 large-1\"  ><div class=\"col-inner text-center\"  >\n<\/div><\/div>\n<div class=\"col medium-10 small-12 large-10\"  ><div class=\"col-inner\" style=\"margin:50px 0px 0px 0px;\" >\n<h3>M\u00c1S IM\u00c1GENES DEL VIAJE<\/h3>\n<\/div><\/div>\n<div class=\"col medium-1 small-12 large-1\"  ><div class=\"col-inner text-center\"  >\n<\/div><\/div>\n\n<style scope=\"scope\">\n\n#row-1759043587 > .col > .col-inner {\n  padding: 0px 0px 0 0px;\n}\n<\/style>\n<\/div>\n<div class=\"row row-collapse row-full-width\"  id=\"row-1947640764\">\n<div class=\"col medium-1 small-12 large-1\"  ><div class=\"col-inner text-center\"  >\n<\/div><\/div>\n<div class=\"col medium-10 small-12 large-10\"  ><div class=\"col-inner\"  >\n<div>\n<div><div class=\"fat-maika-container isotope fat-maika-shortcode-5520 fat-lightbox-gallery disable-share has-animation\" data-maika-col=\"4\" data-item-per-page=\"\"\n     data-animation=\"fadeInRight\"\n     data-animation-duration=\"200\">\n        <div class=\"fat-maika-listing masonry fat-padding-10\">\n        <div class=\"fat-gallery-item fat-col-md-4 item-skin-03  j1_1 \">\n    <div class=\"fat-maika-item-inner\" data-thumb=\"https:\/\/x-ploregroup.com\/travelsandexpeditions\/wp-content\/uploads\/2020\/05\/Descansando-durante-el-ascenso-al-CB-del-Chachani-500x281.jpg\">\n                    <img loading=\"lazy\" decoding=\"async\" alt=\"Descansando durante el ascenso al CB del Chachani\" src=\"https:\/\/x-ploregroup.com\/travelsandexpeditions\/wp-content\/uploads\/2020\/05\/Descansando-durante-el-ascenso-al-CB-del-Chachani-500x281.jpg\"\n                 width=\"500\" height=\"281\">\n                <div class=\"fat-maika-overlay maika-tran-05\">\n\n            <div class=\"fat-maika-icon\">\n                                    <a href=\"javascript:void(0)\" class=\"view-gallery\"\n                       data-title=\"Descansando durante el ascenso al CB del Chachani\"\n                       data-desc=\"\"\n                       data-img=\"https:\/\/x-ploregroup.com\/travelsandexpeditions\/wp-content\/uploads\/2020\/05\/Descansando-durante-el-ascenso-al-CB-del-Chachani.jpg\"\n                       data-thumb=\"https:\/\/x-ploregroup.com\/travelsandexpeditions\/wp-content\/uploads\/2020\/05\/Descansando-durante-el-ascenso-al-CB-del-Chachani-500x281.jpg\"\n                       data-width=\"900\"\n                       data-height=\"600\"\n                    >\n                        <i class=\"icon-magnifier icons\"><\/i>\n                    <\/a>\n                            <\/div>\n            <div class=\"fat-maika-info-wrap\">\n                <div class=\"fat-maika-title  maika-tran-05\">\n                                            Descansando durante el ascenso al CB del Chachani                                    <\/div>\n                <div class=\"fat-maika-category  maika-tran-05\">\n                    Viajes                <\/div>\n            <\/div>\n        <\/div>\n    <\/div>\n<\/div>\n<div class=\"fat-gallery-item fat-col-md-4 item-skin-03  j1_1 \">\n    <div class=\"fat-maika-item-inner\" data-thumb=\"https:\/\/x-ploregroup.com\/travelsandexpeditions\/wp-content\/uploads\/2020\/05\/Geiser-de-Pinchollo-y-volc\u00e1n-Hualca-Hualca-500x375.jpg\">\n                    <img loading=\"lazy\" decoding=\"async\" alt=\"Geiser de Pinchollo y volc\u00e1n Hualca Hualca\" src=\"https:\/\/x-ploregroup.com\/travelsandexpeditions\/wp-content\/uploads\/2020\/05\/Geiser-de-Pinchollo-y-volc\u00e1n-Hualca-Hualca-500x375.jpg\"\n                 width=\"500\" height=\"375\">\n                <div class=\"fat-maika-overlay maika-tran-05\">\n\n            <div class=\"fat-maika-icon\">\n                                    <a href=\"javascript:void(0)\" class=\"view-gallery\"\n                       data-title=\"Geiser de Pinchollo y volc\u00e1n Hualca Hualca\"\n                       data-desc=\"\"\n                       data-img=\"https:\/\/x-ploregroup.com\/travelsandexpeditions\/wp-content\/uploads\/2020\/05\/Geiser-de-Pinchollo-y-volc\u00e1n-Hualca-Hualca.jpg\"\n                       data-thumb=\"https:\/\/x-ploregroup.com\/travelsandexpeditions\/wp-content\/uploads\/2020\/05\/Geiser-de-Pinchollo-y-volc\u00e1n-Hualca-Hualca-500x375.jpg\"\n                       data-width=\"900\"\n                       data-height=\"600\"\n                    >\n                        <i class=\"icon-magnifier icons\"><\/i>\n                    <\/a>\n                            <\/div>\n            <div class=\"fat-maika-info-wrap\">\n                <div class=\"fat-maika-title  maika-tran-05\">\n                                            Geiser de Pinchollo y volc\u00e1n Hualca Hualca                                    <\/div>\n                <div class=\"fat-maika-category  maika-tran-05\">\n                    Viajes                <\/div>\n            <\/div>\n        <\/div>\n    <\/div>\n<\/div>\n<div class=\"fat-gallery-item fat-col-md-4 item-skin-03  j1_1 \">\n    <div class=\"fat-maika-item-inner\" data-thumb=\"https:\/\/x-ploregroup.com\/travelsandexpeditions\/wp-content\/uploads\/2020\/05\/Cordal-de-cumbres-del-Pichu-Pichu-500x281.jpg\">\n                    <img loading=\"lazy\" decoding=\"async\" alt=\"Cordal de cumbres del Pichu Pichu\" src=\"https:\/\/x-ploregroup.com\/travelsandexpeditions\/wp-content\/uploads\/2020\/05\/Cordal-de-cumbres-del-Pichu-Pichu-500x281.jpg\"\n                 width=\"500\" height=\"281\">\n                <div class=\"fat-maika-overlay maika-tran-05\">\n\n            <div class=\"fat-maika-icon\">\n                                    <a href=\"javascript:void(0)\" class=\"view-gallery\"\n                       data-title=\"Cordal de cumbres del Pichu Pichu\"\n                       data-desc=\"\"\n                       data-img=\"https:\/\/x-ploregroup.com\/travelsandexpeditions\/wp-content\/uploads\/2020\/05\/Cordal-de-cumbres-del-Pichu-Pichu.jpg\"\n                       data-thumb=\"https:\/\/x-ploregroup.com\/travelsandexpeditions\/wp-content\/uploads\/2020\/05\/Cordal-de-cumbres-del-Pichu-Pichu-500x281.jpg\"\n                       data-width=\"900\"\n                       data-height=\"600\"\n                    >\n                        <i class=\"icon-magnifier icons\"><\/i>\n                    <\/a>\n                            <\/div>\n            <div class=\"fat-maika-info-wrap\">\n                <div class=\"fat-maika-title  maika-tran-05\">\n                                            Cordal de cumbres del Pichu Pichu                                    <\/div>\n                <div class=\"fat-maika-category  maika-tran-05\">\n                    Viajes                <\/div>\n            <\/div>\n        <\/div>\n    <\/div>\n<\/div>\n<div class=\"fat-gallery-item fat-col-md-4 item-skin-03  j1_1 \">\n    <div class=\"fat-maika-item-inner\" data-thumb=\"https:\/\/x-ploregroup.com\/travelsandexpeditions\/wp-content\/uploads\/2020\/05\/Vicu\u00f1as-en-Aguada-Blanca-500x375.jpg\">\n                    <img loading=\"lazy\" decoding=\"async\" alt=\"Vicu\u00f1as en Aguada Blanca\" src=\"https:\/\/x-ploregroup.com\/travelsandexpeditions\/wp-content\/uploads\/2020\/05\/Vicu\u00f1as-en-Aguada-Blanca-500x375.jpg\"\n                 width=\"500\" height=\"375\">\n                <div class=\"fat-maika-overlay maika-tran-05\">\n\n            <div class=\"fat-maika-icon\">\n                                    <a href=\"javascript:void(0)\" class=\"view-gallery\"\n                       data-title=\"Vicu\u00f1as en Aguada Blanca\"\n                       data-desc=\"\"\n                       data-img=\"https:\/\/x-ploregroup.com\/travelsandexpeditions\/wp-content\/uploads\/2020\/05\/Vicu\u00f1as-en-Aguada-Blanca.jpg\"\n                       data-thumb=\"https:\/\/x-ploregroup.com\/travelsandexpeditions\/wp-content\/uploads\/2020\/05\/Vicu\u00f1as-en-Aguada-Blanca-500x375.jpg\"\n                       data-width=\"900\"\n                       data-height=\"600\"\n                    >\n                        <i class=\"icon-magnifier icons\"><\/i>\n                    <\/a>\n                            <\/div>\n            <div class=\"fat-maika-info-wrap\">\n                <div class=\"fat-maika-title  maika-tran-05\">\n                                            Vicu\u00f1as en Aguada Blanca                                    <\/div>\n                <div class=\"fat-maika-category  maika-tran-05\">\n                    Viajes                <\/div>\n            <\/div>\n        <\/div>\n    <\/div>\n<\/div>\n<div class=\"fat-gallery-item fat-col-md-4 item-skin-03  j1_1 \">\n    <div class=\"fat-maika-item-inner\" data-thumb=\"https:\/\/x-ploregroup.com\/travelsandexpeditions\/wp-content\/uploads\/2020\/05\/Llamas-frente-al-Cerro-Simbral-500x281.jpg\">\n                    <img loading=\"lazy\" decoding=\"async\" alt=\"Llamas frente al Cerro Simbral\" src=\"https:\/\/x-ploregroup.com\/travelsandexpeditions\/wp-content\/uploads\/2020\/05\/Llamas-frente-al-Cerro-Simbral-500x281.jpg\"\n                 width=\"500\" height=\"281\">\n                <div class=\"fat-maika-overlay maika-tran-05\">\n\n            <div class=\"fat-maika-icon\">\n                                    <a href=\"javascript:void(0)\" class=\"view-gallery\"\n                       data-title=\"Llamas frente al Cerro Simbral\"\n                       data-desc=\"\"\n                       data-img=\"https:\/\/x-ploregroup.com\/travelsandexpeditions\/wp-content\/uploads\/2020\/05\/Llamas-frente-al-Cerro-Simbral.jpg\"\n                       data-thumb=\"https:\/\/x-ploregroup.com\/travelsandexpeditions\/wp-content\/uploads\/2020\/05\/Llamas-frente-al-Cerro-Simbral-500x281.jpg\"\n                       data-width=\"900\"\n                       data-height=\"600\"\n                    >\n                        <i class=\"icon-magnifier icons\"><\/i>\n                    <\/a>\n                            <\/div>\n            <div class=\"fat-maika-info-wrap\">\n                <div class=\"fat-maika-title  maika-tran-05\">\n                                            Llamas frente al Cerro Simbral                                    <\/div>\n                <div class=\"fat-maika-category  maika-tran-05\">\n                    Viajes                <\/div>\n            <\/div>\n        <\/div>\n    <\/div>\n<\/div>\n<div class=\"fat-gallery-item fat-col-md-4 item-skin-03  j1_1 \">\n    <div class=\"fat-maika-item-inner\" data-thumb=\"https:\/\/x-ploregroup.com\/travelsandexpeditions\/wp-content\/uploads\/2020\/05\/Coropuna-al-atardecer-500x281.jpg\">\n                    <img loading=\"lazy\" decoding=\"async\" alt=\"Coropuna al atardecer\" src=\"https:\/\/x-ploregroup.com\/travelsandexpeditions\/wp-content\/uploads\/2020\/05\/Coropuna-al-atardecer-500x281.jpg\"\n                 width=\"500\" height=\"281\">\n                <div class=\"fat-maika-overlay maika-tran-05\">\n\n            <div class=\"fat-maika-icon\">\n                                    <a href=\"javascript:void(0)\" class=\"view-gallery\"\n                       data-title=\"Coropuna al atardecer\"\n                       data-desc=\"\"\n                       data-img=\"https:\/\/x-ploregroup.com\/travelsandexpeditions\/wp-content\/uploads\/2020\/05\/Coropuna-al-atardecer.jpg\"\n                       data-thumb=\"https:\/\/x-ploregroup.com\/travelsandexpeditions\/wp-content\/uploads\/2020\/05\/Coropuna-al-atardecer-500x281.jpg\"\n                       data-width=\"900\"\n                       data-height=\"600\"\n                    >\n                        <i class=\"icon-magnifier icons\"><\/i>\n                    <\/a>\n                            <\/div>\n            <div class=\"fat-maika-info-wrap\">\n                <div class=\"fat-maika-title  maika-tran-05\">\n                                            Coropuna al atardecer                                    <\/div>\n                <div class=\"fat-maika-category  maika-tran-05\">\n                    Viajes                <\/div>\n            <\/div>\n        <\/div>\n    <\/div>\n<\/div>\n<div class=\"fat-gallery-item fat-col-md-4 item-skin-03  j1_1 \">\n    <div class=\"fat-maika-item-inner\" data-thumb=\"https:\/\/x-ploregroup.com\/travelsandexpeditions\/wp-content\/uploads\/2020\/05\/Monasterio-de-Santa-Catalina-Arequipa-500x281.jpg\">\n                    <img loading=\"lazy\" decoding=\"async\" alt=\"Monasterio de Santa Catalina Arequipa\" src=\"https:\/\/x-ploregroup.com\/travelsandexpeditions\/wp-content\/uploads\/2020\/05\/Monasterio-de-Santa-Catalina-Arequipa-500x281.jpg\"\n                 width=\"500\" height=\"281\">\n                <div class=\"fat-maika-overlay maika-tran-05\">\n\n            <div class=\"fat-maika-icon\">\n                                    <a href=\"javascript:void(0)\" class=\"view-gallery\"\n                       data-title=\"Monasterio de Santa Catalina Arequipa\"\n                       data-desc=\"\"\n                       data-img=\"https:\/\/x-ploregroup.com\/travelsandexpeditions\/wp-content\/uploads\/2020\/05\/Monasterio-de-Santa-Catalina-Arequipa.jpg\"\n                       data-thumb=\"https:\/\/x-ploregroup.com\/travelsandexpeditions\/wp-content\/uploads\/2020\/05\/Monasterio-de-Santa-Catalina-Arequipa-500x281.jpg\"\n                       data-width=\"900\"\n                       data-height=\"600\"\n                    >\n                        <i class=\"icon-magnifier icons\"><\/i>\n                    <\/a>\n                            <\/div>\n            <div class=\"fat-maika-info-wrap\">\n                <div class=\"fat-maika-title  maika-tran-05\">\n                                            Monasterio de Santa Catalina Arequipa                                    <\/div>\n                <div class=\"fat-maika-category  maika-tran-05\">\n                    Viajes                <\/div>\n            <\/div>\n        <\/div>\n    <\/div>\n<\/div>\n<div class=\"fat-gallery-item fat-col-md-4 item-skin-03  j1_1 \">\n    <div class=\"fat-maika-item-inner\" data-thumb=\"https:\/\/x-ploregroup.com\/travelsandexpeditions\/wp-content\/uploads\/2020\/05\/Cima-del-Chachani-6.075-m-500x281.jpg\">\n                    <img loading=\"lazy\" decoding=\"async\" alt=\"Cima del Chachani (6.075 m)\" src=\"https:\/\/x-ploregroup.com\/travelsandexpeditions\/wp-content\/uploads\/2020\/05\/Cima-del-Chachani-6.075-m-500x281.jpg\"\n                 width=\"500\" height=\"281\">\n                <div class=\"fat-maika-overlay maika-tran-05\">\n\n            <div class=\"fat-maika-icon\">\n                                    <a href=\"javascript:void(0)\" class=\"view-gallery\"\n                       data-title=\"Cima del Chachani (6.075 m)\"\n                       data-desc=\"\"\n                       data-img=\"https:\/\/x-ploregroup.com\/travelsandexpeditions\/wp-content\/uploads\/2020\/05\/Cima-del-Chachani-6.075-m.jpg\"\n                       data-thumb=\"https:\/\/x-ploregroup.com\/travelsandexpeditions\/wp-content\/uploads\/2020\/05\/Cima-del-Chachani-6.075-m-500x281.jpg\"\n                       data-width=\"900\"\n                       data-height=\"600\"\n                    >\n                        <i class=\"icon-magnifier icons\"><\/i>\n                    <\/a>\n                            <\/div>\n            <div class=\"fat-maika-info-wrap\">\n                <div class=\"fat-maika-title  maika-tran-05\">\n                                            Cima del Chachani (6.075 m)                                    <\/div>\n                <div class=\"fat-maika-category  maika-tran-05\">\n                    Viajes                <\/div>\n            <\/div>\n        <\/div>\n    <\/div>\n<\/div>\n<div class=\"fat-gallery-item fat-col-md-4 item-skin-03  j1_1 \">\n    <div class=\"fat-maika-item-inner\" data-thumb=\"https:\/\/x-ploregroup.com\/travelsandexpeditions\/wp-content\/uploads\/2020\/05\/Campamento-en-el-Coropuna-500x375.jpg\">\n                    <img loading=\"lazy\" decoding=\"async\" alt=\"Campamento en el Coropuna\" src=\"https:\/\/x-ploregroup.com\/travelsandexpeditions\/wp-content\/uploads\/2020\/05\/Campamento-en-el-Coropuna-500x375.jpg\"\n                 width=\"500\" height=\"375\">\n                <div class=\"fat-maika-overlay maika-tran-05\">\n\n            <div class=\"fat-maika-icon\">\n                                    <a href=\"javascript:void(0)\" class=\"view-gallery\"\n                       data-title=\"Campamento en el Coropuna\"\n                       data-desc=\"\"\n                       data-img=\"https:\/\/x-ploregroup.com\/travelsandexpeditions\/wp-content\/uploads\/2020\/05\/Campamento-en-el-Coropuna.jpg\"\n                       data-thumb=\"https:\/\/x-ploregroup.com\/travelsandexpeditions\/wp-content\/uploads\/2020\/05\/Campamento-en-el-Coropuna-500x375.jpg\"\n                       data-width=\"900\"\n                       data-height=\"600\"\n                    >\n                        <i class=\"icon-magnifier icons\"><\/i>\n                    <\/a>\n                            <\/div>\n            <div class=\"fat-maika-info-wrap\">\n                <div class=\"fat-maika-title  maika-tran-05\">\n                                            Campamento en el Coropuna                                    <\/div>\n                <div class=\"fat-maika-category  maika-tran-05\">\n                    Viajes                <\/div>\n            <\/div>\n        <\/div>\n    <\/div>\n<\/div>\n<div class=\"fat-gallery-item fat-col-md-4 item-skin-03  j1_1 \">\n    <div class=\"fat-maika-item-inner\" data-thumb=\"https:\/\/x-ploregroup.com\/travelsandexpeditions\/wp-content\/uploads\/2020\/05\/Cumbre-del-Coropuna-500x281.jpg\">\n                    <img loading=\"lazy\" decoding=\"async\" alt=\"Cumbre del Coropuna\" src=\"https:\/\/x-ploregroup.com\/travelsandexpeditions\/wp-content\/uploads\/2020\/05\/Cumbre-del-Coropuna-500x281.jpg\"\n                 width=\"500\" height=\"281\">\n                <div class=\"fat-maika-overlay maika-tran-05\">\n\n            <div class=\"fat-maika-icon\">\n                                    <a href=\"javascript:void(0)\" class=\"view-gallery\"\n                       data-title=\"Cumbre del Coropuna\"\n                       data-desc=\"\"\n                       data-img=\"https:\/\/x-ploregroup.com\/travelsandexpeditions\/wp-content\/uploads\/2020\/05\/Cumbre-del-Coropuna.jpg\"\n                       data-thumb=\"https:\/\/x-ploregroup.com\/travelsandexpeditions\/wp-content\/uploads\/2020\/05\/Cumbre-del-Coropuna-500x281.jpg\"\n                       data-width=\"900\"\n                       data-height=\"600\"\n                    >\n                        <i class=\"icon-magnifier icons\"><\/i>\n                    <\/a>\n                            <\/div>\n            <div class=\"fat-maika-info-wrap\">\n                <div class=\"fat-maika-title  maika-tran-05\">\n                                            Cumbre del Coropuna                                    <\/div>\n                <div class=\"fat-maika-category  maika-tran-05\">\n                    Viajes                <\/div>\n            <\/div>\n        <\/div>\n    <\/div>\n<\/div>\n<div class=\"fat-gallery-item fat-col-md-4 item-skin-03  j1_1 \">\n    <div class=\"fat-maika-item-inner\" data-thumb=\"https:\/\/x-ploregroup.com\/travelsandexpeditions\/wp-content\/uploads\/2020\/05\/Laguna-Salinas-y-volc\u00e1n-Ubinas-500x281.jpg\">\n                    <img loading=\"lazy\" decoding=\"async\" alt=\"Laguna Salinas y volc\u00e1n Ubinas\" src=\"https:\/\/x-ploregroup.com\/travelsandexpeditions\/wp-content\/uploads\/2020\/05\/Laguna-Salinas-y-volc\u00e1n-Ubinas-500x281.jpg\"\n                 width=\"500\" height=\"281\">\n                <div class=\"fat-maika-overlay maika-tran-05\">\n\n            <div class=\"fat-maika-icon\">\n                                    <a href=\"javascript:void(0)\" class=\"view-gallery\"\n                       data-title=\"Laguna Salinas y volc\u00e1n Ubinas\"\n                       data-desc=\"\"\n                       data-img=\"https:\/\/x-ploregroup.com\/travelsandexpeditions\/wp-content\/uploads\/2020\/05\/Laguna-Salinas-y-volc\u00e1n-Ubinas.jpg\"\n                       data-thumb=\"https:\/\/x-ploregroup.com\/travelsandexpeditions\/wp-content\/uploads\/2020\/05\/Laguna-Salinas-y-volc\u00e1n-Ubinas-500x281.jpg\"\n                       data-width=\"900\"\n                       data-height=\"600\"\n                    >\n                        <i class=\"icon-magnifier icons\"><\/i>\n                    <\/a>\n                            <\/div>\n            <div class=\"fat-maika-info-wrap\">\n                <div class=\"fat-maika-title  maika-tran-05\">\n                                            Laguna Salinas y volc\u00e1n Ubinas                                    <\/div>\n                <div class=\"fat-maika-category  maika-tran-05\">\n                    Viajes                <\/div>\n            <\/div>\n        <\/div>\n    <\/div>\n<\/div>\n<div class=\"fat-gallery-item fat-col-md-4 item-skin-03  j1_1 \">\n    <div class=\"fat-maika-item-inner\" data-thumb=\"https:\/\/x-ploregroup.com\/travelsandexpeditions\/wp-content\/uploads\/2020\/05\/Vista-general-del-Ca\u00f1\u00f3n-del-Colca-500x281.jpg\">\n                    <img loading=\"lazy\" decoding=\"async\" alt=\"Vista general del Ca\u00f1\u00f3n del Colca\" src=\"https:\/\/x-ploregroup.com\/travelsandexpeditions\/wp-content\/uploads\/2020\/05\/Vista-general-del-Ca\u00f1\u00f3n-del-Colca-500x281.jpg\"\n                 width=\"500\" height=\"281\">\n                <div class=\"fat-maika-overlay maika-tran-05\">\n\n            <div class=\"fat-maika-icon\">\n                                    <a href=\"javascript:void(0)\" class=\"view-gallery\"\n                       data-title=\"Vista general del Ca\u00f1\u00f3n del Colca\"\n                       data-desc=\"\"\n                       data-img=\"https:\/\/x-ploregroup.com\/travelsandexpeditions\/wp-content\/uploads\/2020\/05\/Vista-general-del-Ca\u00f1\u00f3n-del-Colca.jpg\"\n                       data-thumb=\"https:\/\/x-ploregroup.com\/travelsandexpeditions\/wp-content\/uploads\/2020\/05\/Vista-general-del-Ca\u00f1\u00f3n-del-Colca-500x281.jpg\"\n                       data-width=\"900\"\n                       data-height=\"600\"\n                    >\n                        <i class=\"icon-magnifier icons\"><\/i>\n                    <\/a>\n                            <\/div>\n            <div class=\"fat-maika-info-wrap\">\n                <div class=\"fat-maika-title  maika-tran-05\">\n                                            Vista general del Ca\u00f1\u00f3n del Colca                                    <\/div>\n                <div class=\"fat-maika-category  maika-tran-05\">\n                    Viajes                <\/div>\n            <\/div>\n        <\/div>\n    <\/div>\n<\/div>\n<div class=\"fat-gallery-item fat-col-md-4 item-skin-03  j1_1 \">\n    <div class=\"fat-maika-item-inner\" data-thumb=\"https:\/\/x-ploregroup.com\/travelsandexpeditions\/wp-content\/uploads\/2020\/05\/Solimana-visto-desde-el-ascenso-al-Coropuna-500x281.jpg\">\n                    <img loading=\"lazy\" decoding=\"async\" alt=\"Solimana visto desde el ascenso al Coropuna\" src=\"https:\/\/x-ploregroup.com\/travelsandexpeditions\/wp-content\/uploads\/2020\/05\/Solimana-visto-desde-el-ascenso-al-Coropuna-500x281.jpg\"\n                 width=\"500\" height=\"281\">\n                <div class=\"fat-maika-overlay maika-tran-05\">\n\n            <div class=\"fat-maika-icon\">\n                                    <a href=\"javascript:void(0)\" class=\"view-gallery\"\n                       data-title=\"Solimana visto desde el ascenso al Coropuna\"\n                       data-desc=\"\"\n                       data-img=\"https:\/\/x-ploregroup.com\/travelsandexpeditions\/wp-content\/uploads\/2020\/05\/Solimana-visto-desde-el-ascenso-al-Coropuna.jpg\"\n                       data-thumb=\"https:\/\/x-ploregroup.com\/travelsandexpeditions\/wp-content\/uploads\/2020\/05\/Solimana-visto-desde-el-ascenso-al-Coropuna-500x281.jpg\"\n                       data-width=\"900\"\n                       data-height=\"600\"\n                    >\n                        <i class=\"icon-magnifier icons\"><\/i>\n                    <\/a>\n                            <\/div>\n            <div class=\"fat-maika-info-wrap\">\n                <div class=\"fat-maika-title  maika-tran-05\">\n                                            Solimana visto desde el ascenso al Coropuna                                    <\/div>\n                <div class=\"fat-maika-category  maika-tran-05\">\n                    Viajes                <\/div>\n            <\/div>\n        <\/div>\n    <\/div>\n<\/div>\n<div class=\"fat-gallery-item fat-col-md-4 item-skin-03  j1_1 \">\n    <div class=\"fat-maika-item-inner\" data-thumb=\"https:\/\/x-ploregroup.com\/travelsandexpeditions\/wp-content\/uploads\/2020\/05\/Chachani-visto-desde-el-avi\u00f3n-500x281.jpg\">\n                    <img loading=\"lazy\" decoding=\"async\" alt=\"OLYMPUS DIGITAL CAMERA\" src=\"https:\/\/x-ploregroup.com\/travelsandexpeditions\/wp-content\/uploads\/2020\/05\/Chachani-visto-desde-el-avi\u00f3n-500x281.jpg\"\n                 width=\"500\" height=\"281\">\n                <div class=\"fat-maika-overlay maika-tran-05\">\n\n            <div class=\"fat-maika-icon\">\n                                    <a href=\"javascript:void(0)\" class=\"view-gallery\"\n                       data-title=\"OLYMPUS DIGITAL CAMERA\"\n                       data-desc=\"\"\n                       data-img=\"https:\/\/x-ploregroup.com\/travelsandexpeditions\/wp-content\/uploads\/2020\/05\/Chachani-visto-desde-el-avi\u00f3n.jpg\"\n                       data-thumb=\"https:\/\/x-ploregroup.com\/travelsandexpeditions\/wp-content\/uploads\/2020\/05\/Chachani-visto-desde-el-avi\u00f3n-500x281.jpg\"\n                       data-width=\"900\"\n                       data-height=\"600\"\n                    >\n                        <i class=\"icon-magnifier icons\"><\/i>\n                    <\/a>\n                            <\/div>\n            <div class=\"fat-maika-info-wrap\">\n                <div class=\"fat-maika-title  maika-tran-05\">\n                                            OLYMPUS DIGITAL CAMERA                                    <\/div>\n                <div class=\"fat-maika-category  maika-tran-05\">\n                    Viajes                <\/div>\n            <\/div>\n        <\/div>\n    <\/div>\n<\/div>\n<div class=\"fat-gallery-item fat-col-md-4 item-skin-03  j1_1 \">\n    <div class=\"fat-maika-item-inner\" data-thumb=\"https:\/\/x-ploregroup.com\/travelsandexpeditions\/wp-content\/uploads\/2020\/05\/C\u00f3ndor-en-el-Colca-500x281.jpg\">\n                    <img loading=\"lazy\" decoding=\"async\" alt=\"DSC_3850\" src=\"https:\/\/x-ploregroup.com\/travelsandexpeditions\/wp-content\/uploads\/2020\/05\/C\u00f3ndor-en-el-Colca-500x281.jpg\"\n                 width=\"500\" height=\"281\">\n                <div class=\"fat-maika-overlay maika-tran-05\">\n\n            <div class=\"fat-maika-icon\">\n                                    <a href=\"javascript:void(0)\" class=\"view-gallery\"\n                       data-title=\"DSC_3850\"\n                       data-desc=\"\"\n                       data-img=\"https:\/\/x-ploregroup.com\/travelsandexpeditions\/wp-content\/uploads\/2020\/05\/C\u00f3ndor-en-el-Colca.jpg\"\n                       data-thumb=\"https:\/\/x-ploregroup.com\/travelsandexpeditions\/wp-content\/uploads\/2020\/05\/C\u00f3ndor-en-el-Colca-500x281.jpg\"\n                       data-width=\"900\"\n                       data-height=\"600\"\n                    >\n                        <i class=\"icon-magnifier icons\"><\/i>\n                    <\/a>\n                            <\/div>\n            <div class=\"fat-maika-info-wrap\">\n                <div class=\"fat-maika-title  maika-tran-05\">\n                                            DSC_3850                                    <\/div>\n                <div class=\"fat-maika-category  maika-tran-05\">\n                    Viajes                <\/div>\n            <\/div>\n        <\/div>\n    <\/div>\n<\/div>\n<div class=\"fat-gallery-item fat-col-md-4 item-skin-03  j1_1 \">\n    <div class=\"fat-maika-item-inner\" data-thumb=\"https:\/\/x-ploregroup.com\/travelsandexpeditions\/wp-content\/uploads\/2020\/05\/Vista-desde-el-Chachani-hacia-el-Ampato-y-el-Coropuna-500x281.jpg\">\n                    <img loading=\"lazy\" decoding=\"async\" alt=\"Vista desde el Chachani hacia el Ampato y el Coropuna\" src=\"https:\/\/x-ploregroup.com\/travelsandexpeditions\/wp-content\/uploads\/2020\/05\/Vista-desde-el-Chachani-hacia-el-Ampato-y-el-Coropuna-500x281.jpg\"\n                 width=\"500\" height=\"281\">\n                <div class=\"fat-maika-overlay maika-tran-05\">\n\n            <div class=\"fat-maika-icon\">\n                                    <a href=\"javascript:void(0)\" class=\"view-gallery\"\n                       data-title=\"Vista desde el Chachani hacia el Ampato y el Coropuna\"\n                       data-desc=\"\"\n                       data-img=\"https:\/\/x-ploregroup.com\/travelsandexpeditions\/wp-content\/uploads\/2020\/05\/Vista-desde-el-Chachani-hacia-el-Ampato-y-el-Coropuna.jpg\"\n                       data-thumb=\"https:\/\/x-ploregroup.com\/travelsandexpeditions\/wp-content\/uploads\/2020\/05\/Vista-desde-el-Chachani-hacia-el-Ampato-y-el-Coropuna-500x281.jpg\"\n                       data-width=\"900\"\n                       data-height=\"600\"\n                    >\n                        <i class=\"icon-magnifier icons\"><\/i>\n                    <\/a>\n                            <\/div>\n            <div class=\"fat-maika-info-wrap\">\n                <div class=\"fat-maika-title  maika-tran-05\">\n                                            Vista desde el Chachani hacia el Ampato y el Coropuna                                    <\/div>\n                <div class=\"fat-maika-category  maika-tran-05\">\n                    Viajes                <\/div>\n            <\/div>\n        <\/div>\n    <\/div>\n<\/div>\n<div class=\"fat-gallery-item fat-col-md-4 item-skin-03  j1_1 \">\n    <div class=\"fat-maika-item-inner\" data-thumb=\"https:\/\/x-ploregroup.com\/travelsandexpeditions\/wp-content\/uploads\/2020\/05\/Arquitectura-tradicional-en-el-Colca-500x281.jpg\">\n                    <img loading=\"lazy\" decoding=\"async\" alt=\"Arquitectura tradicional en el Colca\" src=\"https:\/\/x-ploregroup.com\/travelsandexpeditions\/wp-content\/uploads\/2020\/05\/Arquitectura-tradicional-en-el-Colca-500x281.jpg\"\n                 width=\"500\" height=\"281\">\n                <div class=\"fat-maika-overlay maika-tran-05\">\n\n            <div class=\"fat-maika-icon\">\n                                    <a href=\"javascript:void(0)\" class=\"view-gallery\"\n                       data-title=\"Arquitectura tradicional en el Colca\"\n                       data-desc=\"\"\n                       data-img=\"https:\/\/x-ploregroup.com\/travelsandexpeditions\/wp-content\/uploads\/2020\/05\/Arquitectura-tradicional-en-el-Colca.jpg\"\n                       data-thumb=\"https:\/\/x-ploregroup.com\/travelsandexpeditions\/wp-content\/uploads\/2020\/05\/Arquitectura-tradicional-en-el-Colca-500x281.jpg\"\n                       data-width=\"900\"\n                       data-height=\"600\"\n                    >\n                        <i class=\"icon-magnifier icons\"><\/i>\n                    <\/a>\n                            <\/div>\n            <div class=\"fat-maika-info-wrap\">\n                <div class=\"fat-maika-title  maika-tran-05\">\n                                            Arquitectura tradicional en el Colca                                    <\/div>\n                <div class=\"fat-maika-category  maika-tran-05\">\n                    Viajes                <\/div>\n            <\/div>\n        <\/div>\n    <\/div>\n<\/div>\n<div class=\"fat-gallery-item fat-col-md-4 item-skin-03  j1_1 \">\n    <div class=\"fat-maika-item-inner\" data-thumb=\"https:\/\/x-ploregroup.com\/travelsandexpeditions\/wp-content\/uploads\/2020\/05\/Ascenso-al-Coropuna-500x281.jpg\">\n                    <img loading=\"lazy\" decoding=\"async\" alt=\"Ascenso al Coropuna\" src=\"https:\/\/x-ploregroup.com\/travelsandexpeditions\/wp-content\/uploads\/2020\/05\/Ascenso-al-Coropuna-500x281.jpg\"\n                 width=\"500\" height=\"281\">\n                <div class=\"fat-maika-overlay maika-tran-05\">\n\n            <div class=\"fat-maika-icon\">\n                                    <a href=\"javascript:void(0)\" class=\"view-gallery\"\n                       data-title=\"Ascenso al Coropuna\"\n                       data-desc=\"\"\n                       data-img=\"https:\/\/x-ploregroup.com\/travelsandexpeditions\/wp-content\/uploads\/2020\/05\/Ascenso-al-Coropuna.jpg\"\n                       data-thumb=\"https:\/\/x-ploregroup.com\/travelsandexpeditions\/wp-content\/uploads\/2020\/05\/Ascenso-al-Coropuna-500x281.jpg\"\n                       data-width=\"900\"\n                       data-height=\"600\"\n                    >\n                        <i class=\"icon-magnifier icons\"><\/i>\n                    <\/a>\n                            <\/div>\n            <div class=\"fat-maika-info-wrap\">\n                <div class=\"fat-maika-title  maika-tran-05\">\n                                            Ascenso al Coropuna                                    <\/div>\n                <div class=\"fat-maika-category  maika-tran-05\">\n                    Viajes                <\/div>\n            <\/div>\n        <\/div>\n    <\/div>\n<\/div>\n    <\/div>\n    <\/div><style type='text\/css' id=\"fat-portfolio-custom-css-5520\">\n    \/** category filter **\/\n    .fat-maika-shortcode-5520 .fat-maika-category-filter li a {\n        font-size: 14px;\n        text-transform: none;\n        color: #ffffff;\n        -webkit-transition: all 0.3s;\n        -moz-transition: all 0.3s;\n        -ms-transition: all 0.3s;\n        -o-transition: all 0.3s;\n        transition: all 0.3s;\n    }\n    .fat-maika-shortcode-5520 .fat-maika-category-filter.cat-skin-03  ul.fat-maika-category > li > span.filter-count,\n    .fat-maika-shortcode-5520 .fat-maika-category-filter li a.active,\n    .fat-maika-shortcode-5520 .fat-maika-category-filter li a:hover {\n        color: #dd9933;\n    }\n    .fat-maika-shortcode-5520 .fat-maika-category-filter  li > a{\n        background-color: #bb4546;\n    }\n    .fat-maika-shortcode-5520 .fat-maika-category-filter  ul.sub-cat li > a{\n        background-color: #fff;\n    }\n    .fat-maika-shortcode-5520 .fat-maika-category-filter li > a.active,\n    .fat-maika-shortcode-5520 .fat-maika-category-filter  li > a:hover{\n       background-color: #faa71a !important;\n    }\n    .fat-maika-shortcode-5520 .fat-maika-category-filter.cat-skin-03  ul.fat-maika-category > li > span.filter-count,\n    .fat-maika-shortcode-5520 .fat-maika-category-filter.cat-skin-03  ul.fat-maika-category > li > span.filter-count:before{\n        background-color: #faa71a !important;\n    }\n    .fat-maika-shortcode-5520 .fat-maika-overlay {\n        background-color: rgba(0,0,0,0.7);\n    }\n    \/** title and category *\/\n    .fat-maika-shortcode-5520 .fat-maika-title,\n    .fat-maika-shortcode-5520 .fat-maika-title a,\n    .fat-maika-shortcode-5520 .fat-maika-title a:active,\n    .fat-maika-shortcode-5520 .fat-maika-title a:focus{\n        color: #ffffff;\n        font-size: 16px;\n        text-transform: none;\n    }\n    .fat-maika-shortcode-5520 .fat-maika-title:hover,\n    .fat-maika-shortcode-5520 .fat-maika-title:hover a,\n    .fat-maika-shortcode-5520 .fat-maika-title:hover a:active,\n    .fat-maika-shortcode-5520 .fat-maika-title:hover a:focus{\n        color: #dd9933;\n    }\n    .fat-maika-shortcode-5520 .fat-maika-category{\n        color: #ffffff;\n        font-size: 16px;\n        text-transform: none;\n    }\n    .fat-maika-shortcode-5520 .fat-maika-category:hover{\n        color: #dd9933;\n    }\n    \/** icon *\/\n    .fat-maika-shortcode-5520 .fat-maika-icon a{\n        background-color: #bb4546;\n    }\n    .fat-maika-shortcode-5520 .fat-maika-icon a.fat-maika-link-icon,\n    .fat-maika-shortcode-5520 .fat-maika-icon a.view-gallery{\n        color: #ffffff;\n    }\n    .fat-maika-shortcode-5520 .fat-maika-icon a:after,\n    .fat-maika-shortcode-5520 .fat-maika-icon a:before{\n        background-color: #ffffff;\n    }\n    \/** paging *\/\n    .fat-maika-shortcode-5520 .fat-maika-paging-container.load-more a{\n        color: #fff;\n        background-color: #343434;\n    }\n    .fat-maika-shortcode-5520 .fat-maika-paging-container.load-more a:hover{\n        color: #343434;\n        background-color: #fff;\n    }\n    <\/style><\/div>\n<\/div>\n<\/div><\/div>\n<div class=\"col medium-1 small-12 large-1\"  ><div class=\"col-inner text-center\"  >\n<\/div><\/div>\n\n<style scope=\"scope\">\n\n#row-1947640764 > .col > .col-inner {\n  padding: 20px 0px 20px 0px;\n}\n<\/style>\n<\/div>\n","protected":false},"excerpt":{"rendered":"<p>La regi\u00f3n de Arequipa engloba la mayor concetraci\u00f3n de volcanes de todo Per\u00fa. Aqu\u00ed encontramos grandes edificios volcanes que se alzan sobre el altiplano, como el Misti, el Chachani, el Ampato o el Coropuna, pero tambi\u00e9n otras cordilleras menores, pero tambi\u00e9n muy interesantes, como la Cordillera del Chila, al norte del Colca. En esta expedici\u00f3n visitaremos sitios tan impresionantes como el Ca\u00f1\u00f3n del Colca y ascenderemos a tres de estos colosos andinos, destacando entre todos el volc\u00e1n Coropuna (6.425 m), el volc\u00e1n m\u00e1s alto de Per\u00fa y su tercera monta\u00f1a m\u00e1s elevada.<\/p>\n","protected":false},"featured_media":5485,"comment_status":"open","ping_status":"closed","template":"","meta":[],"product_brand":[],"product_cat":[81,204,524],"product_tag":[814],"class_list":{"0":"post-5484","1":"product","2":"type-product","3":"status-publish","4":"has-post-thumbnail","6":"product_cat-ascensiones","7":"product_cat-peru","8":"product_cat-viaje-individual","9":"product_tag-chachani-coropuna-6-425-m","11":"first","12":"instock","13":"sold-individually","14":"shipping-taxable","15":"purchasable","16":"product-type-simple"},"acf":[],"_links":{"self":[{"href":"https:\/\/x-ploregroup.com\/travelsandexpeditions\/wp-json\/wp\/v2\/product\/5484","targetHints":{"allow":["GET"]}}],"collection":[{"href":"https:\/\/x-ploregroup.com\/travelsandexpeditions\/wp-json\/wp\/v2\/product"}],"about":[{"href":"https:\/\/x-ploregroup.com\/travelsandexpeditions\/wp-json\/wp\/v2\/types\/product"}],"replies":[{"embeddable":true,"href":"https:\/\/x-ploregroup.com\/travelsandexpeditions\/wp-json\/wp\/v2\/comments?post=5484"}],"version-history":[{"count":0,"href":"https:\/\/x-ploregroup.com\/travelsandexpeditions\/wp-json\/wp\/v2\/product\/5484\/revisions"}],"wp:featuredmedia":[{"embeddable":true,"href":"https:\/\/x-ploregroup.com\/travelsandexpeditions\/wp-json\/wp\/v2\/media\/5485"}],"wp:attachment":[{"href":"https:\/\/x-ploregroup.com\/travelsandexpeditions\/wp-json\/wp\/v2\/media?parent=5484"}],"wp:term":[{"taxonomy":"product_brand","embeddable":true,"href":"https:\/\/x-ploregroup.com\/travelsandexpeditions\/wp-json\/wp\/v2\/product_brand?post=5484"},{"taxonomy":"product_cat","embeddable":true,"href":"https:\/\/x-ploregroup.com\/travelsandexpeditions\/wp-json\/wp\/v2\/product_cat?post=5484"},{"taxonomy":"product_tag","embeddable":true,"href":"https:\/\/x-ploregroup.com\/travelsandexpeditions\/wp-json\/wp\/v2\/product_tag?post=5484"}],"curies":[{"name":"wp","href":"https:\/\/api.w.org\/{rel}","templated":true}]}}